{"id":4649,"date":"2021-02-05T10:29:51","date_gmt":"2021-02-05T09:29:51","guid":{"rendered":"http:\/\/lyceejeanracine.fr\/wdps\/?page_id=4649"},"modified":"2021-04-13T23:26:08","modified_gmt":"2021-04-13T21:26:08","slug":"le-lgt-programme-des-portes-ouvertes-100-virtuelles","status":"publish","type":"page","link":"https:\/\/lyceejeanracine.fr\/wdps\/index.php\/le-lgt-programme-des-portes-ouvertes-100-virtuelles\/","title":{"rendered":"LE LGT"},"content":{"rendered":"\n<h3 class=\"wp-block-heading\"><span class=\"has-inline-color has-vivid-cyan-blue-color\"><span style=\"text-decoration: underline;\">LA VIE SCOLAIRE:<\/span><\/span><\/h3>\n\n\n\n<pre class=\"wp-block-verse\"><strong>Une vid\u00e9o de pr\u00e9sentation de l'internat: <\/strong><a rel=\"noreferrer noopener\" href=\"https:\/\/lyceejeanracine.fr\/wdps\/index.php\/2021\/02\/05\/__trashed\/\" target=\"_blank\"><span class=\"has-inline-color has-vivid-green-cyan-color\"><span style=\"text-decoration: underline;\">Cliquez ici <\/span><\/span><\/a><\/pre>\n\n\n\n<h3 class=\"wp-block-heading\"><span class=\"has-inline-color has-vivid-cyan-blue-color\"><span style=\"text-decoration: underline;\">LA FILIERE STMG:<\/span><\/span><\/h3>\n\n\n\n<h3 class=\"wp-block-heading\"><span class=\"has-inline-color has-vivid-cyan-blue-color\"><span style=\"text-decoration: underline;\">LA FILIERE STI2D<\/span><\/span><\/h3>\n\n\n\n<pre class=\"wp-block-verse\"><strong>Vid\u00e9o de pr\u00e9sentation de la fili\u00e8re STI2D:<\/strong><span><span style=\"font-weight: bold; text-decoration: underline;\"><br><\/span><\/span><a rel=\"noreferrer noopener\" href=\"https:\/\/lyceejeanracine.fr\/wdps\/wp-content\/uploads\/2021\/02\/zoom-STI2D-02-2021.mp4\" target=\"_blank\"><span class=\"has-inline-color has-vivid-green-cyan-color\"><span style=\"text-decoration: underline;\">Cliquez ici pour la vid\u00e9o<\/span><\/span><\/a><\/pre>\n\n\n\n<h3 class=\"wp-block-heading\"><span class=\"has-inline-color has-vivid-cyan-blue-color\"><span style=\"text-decoration: underline;\">LES ARTS PLASTIQUES AU LYCEE:<\/span><\/span><\/h3>\n\n\n\n<pre class=\"wp-block-verse\"><strong>Vid\u00e9o de pr\u00e9sentation des arts plastiques:<\/strong><br><a rel=\"noreferrer noopener\" href=\"https:\/\/lyceejeanracine.fr\/wdps\/wp-content\/uploads\/2021\/02\/presentation-arts-plastiques.mp4\" target=\"_blank\"><span class=\"has-inline-color has-vivid-green-cyan-color\">Cliquez ici pour la vid\u00e9o<\/span><\/a><\/pre>\n\n\n\n<h3 class=\"wp-block-heading\"><span class=\"has-inline-color has-vivid-cyan-blue-color\"><span style=\"text-decoration: underline;\">LE THEATRE AU LYCEE:<\/span><\/span><\/h3>\n\n\n\n<h3 class=\"wp-block-heading\"><span class=\"has-inline-color has-vivid-cyan-blue-color\"><span style=\"text-decoration: underline;\">L&rsquo;OPTION ROBOTIQUE 2NDE (SI-CIT), LE P\u00d4LE INGENIEUR<\/span><\/span><\/h3>\n\n\n\n<pre class=\"wp-block-verse\"><strong>Vid\u00e9o de pr\u00e9sentation de l'option robotique (CIT \/ SI) en classe de seconde<\/strong> (vid\u00e9o de la journ\u00e9e portes ouvertes)\n<a rel=\"noreferrer noopener\" href=\"https:\/\/lyceejeanracine.fr\/wdps\/wp-content\/uploads\/2021\/02\/option_robotique_citec_si_zoom_2021.mp4\" target=\"_blank\"><span class=\"has-inline-color has-vivid-green-cyan-color\">Cliquez ici pour la vid\u00e9o<\/span><\/a><\/pre>\n\n\n\n<pre class=\"wp-block-verse\"><strong>Diaporama de la p<\/strong>r\u00e9sentation de l'option robotique en classe de seconde:<br><a rel=\"noreferrer noopener\" href=\"https:\/\/prezi.com\/p\/lalrcli0hfuv\/?present=1\" target=\"_blank\"><span class=\"has-inline-color has-vivid-green-cyan-color\">https:\/\/prezi.com\/p\/lalrcli0hfuv\/?present=1<\/span><\/a><\/pre>\n\n\n\n<pre class=\"wp-block-verse\"><strong><span style=\"text-decoration: underline;\">Brochure de pr\u00e9sentation de l'option robotique:<\/span><\/strong><br><a rel=\"noreferrer noopener\" href=\"https:\/\/lyceejeanracine.fr\/wdps\/wp-content\/uploads\/2021\/02\/Brochure-2nd-Robotique-2021.pdf\" target=\"_blank\"><span class=\"has-inline-color has-vivid-green-cyan-color\"><span style=\"text-decoration: underline;\">La brochure<\/span><\/span><\/a><\/pre>\n\n\n\n<pre class=\"wp-block-verse\"><strong><span style=\"text-decoration: underline;\">Plaquette de pr\u00e9sentation du p\u00f4le excellence parcours ing\u00e9nieur:<br><\/span><\/strong><a rel=\"noreferrer noopener\" href=\"https:\/\/lyceejeanracine.fr\/wdps\/wp-content\/uploads\/2021\/02\/Plaquette-PEPI.pdf\" target=\"_blank\"><strong><span class=\"has-inline-color has-vivid-green-cyan-color\">La plaquette<\/span><\/strong><\/a><\/pre>\n\n\n\n<h3 class=\"wp-block-heading\"><span class=\"has-inline-color has-vivid-cyan-blue-color\"><span style=\"text-decoration: underline;\">2nde: OPTION FACULTATIVE MANAGEMENT ET GESTION<\/span><\/span><\/h3>\n\n\n\n<pre class=\"wp-block-verse\"><strong><span style=\"text-decoration: underline;\">La vid\u00e9o des pr\u00e9sentations Zoom pour l'option Management et Gestion<\/span><\/strong>:<br><a rel=\"noreferrer noopener\" href=\"https:\/\/lyceejeanracine.fr\/wdps\/wp-content\/uploads\/2021\/02\/Presentation-Option-Management-et-Gestion.mp4\" target=\"_blank\"><span class=\"has-inline-color has-vivid-green-cyan-color\"><span style=\"text-decoration: underline;\">Cliquez ici pour la vid\u00e9o<\/span><\/span><\/a><\/pre>\n\n\n\n<h3 class=\"wp-block-heading\"><span class=\"has-inline-color has-vivid-cyan-blue-color\"><span style=\"text-decoration: underline;\">2nde: OPTION ITALIEN LVC<\/span><\/span><\/h3>\n\n\n\n<h3 class=\"wp-block-heading\"><span class=\"has-inline-color has-vivid-cyan-blue-color\"><span style=\"text-decoration: underline;\">L&rsquo;OPTION EPS:<\/span><\/span><\/h3>\n\n\n\n<div class=\"wp-block-group\"><div class=\"wp-block-group__inner-container is-layout-flow wp-block-group-is-layout-flow\">\n<div class=\"wp-block-image\"><figure class=\"alignleft size-medium is-resized\"><img loading=\"lazy\" decoding=\"async\" src=\"https:\/\/lyceejeanracine.fr\/wdps\/wp-content\/uploads\/2021\/04\/4-Affiche-option-EPS-300x212.jpg\" alt=\"\" class=\"wp-image-4883\" width=\"150\" height=\"106\" srcset=\"https:\/\/lyceejeanracine.fr\/wdps\/wp-content\/uploads\/2021\/04\/4-Affiche-option-EPS-300x212.jpg 300w, https:\/\/lyceejeanracine.fr\/wdps\/wp-content\/uploads\/2021\/04\/4-Affiche-option-EPS-1024x724.jpg 1024w, https:\/\/lyceejeanracine.fr\/wdps\/wp-content\/uploads\/2021\/04\/4-Affiche-option-EPS-768x543.jpg 768w, https:\/\/lyceejeanracine.fr\/wdps\/wp-content\/uploads\/2021\/04\/4-Affiche-option-EPS-1536x1086.jpg 1536w, https:\/\/lyceejeanracine.fr\/wdps\/wp-content\/uploads\/2021\/04\/4-Affiche-option-EPS-2048x1448.jpg 2048w\" sizes=\"(max-width: 150px) 100vw, 150px\" \/><\/figure><\/div>\n\n\n\n<div class=\"wp-block-group\"><div class=\"wp-block-group__inner-container is-layout-flow wp-block-group-is-layout-flow\">\n<p>La pr\u00e9sentation de l&rsquo;option EPS:<span class=\"has-inline-color has-vivid-green-cyan-color\"> <\/span><a rel=\"noreferrer noopener\" href=\"https:\/\/lyceejeanracine.fr\/wdps\/wp-content\/uploads\/2021\/02\/Presentation-Option-EPS.pdf\" target=\"_blank\"><span class=\"has-inline-color has-vivid-green-cyan-color\"><span style=\"text-decoration: underline;\"><strong>Cliquez ici<\/strong><\/span><\/span><\/a><br>Objectifs et proc\u00e9dure d&rsquo;inscription: <a rel=\"noreferrer noopener\" href=\"https:\/\/lyceejeanracine.fr\/wdps\/wp-content\/uploads\/2021\/04\/1-Texte-presentation-Option-EPS-2021-2022.pdf\" target=\"_blank\"><span class=\"has-inline-color has-vivid-green-cyan-color\"><strong>Cliquez ici<\/strong><\/span><\/a><br>La fiche d&rsquo;inscription d\u00e8s la seconde: <a rel=\"noreferrer noopener\" href=\"https:\/\/lyceejeanracine.fr\/wdps\/wp-content\/uploads\/2021\/04\/2-Fiche-dinscription-Option-EPS-2021-2022.pdf\" target=\"_blank\"><span class=\"has-inline-color has-vivid-green-cyan-color\"><strong>Cliquez ici<\/strong><\/span><\/a><br>Bulletin d&rsquo;inscription pour l&rsquo;AS: <a rel=\"noreferrer noopener\" href=\"https:\/\/lyceejeanracine.fr\/wdps\/wp-content\/uploads\/2021\/04\/3-Bulletin-dinscription-AS-21-22.pdf\" target=\"_blank\"><span class=\"has-inline-color has-vivid-green-cyan-color\"><strong>Cliquez ici<\/strong><\/span><\/a><\/p>\n<\/div><\/div>\n<\/div><\/div>\n\n\n\n<h3 class=\"wp-block-heading\"><span class=\"has-inline-color has-vivid-cyan-blue-color\"><span style=\"text-decoration: underline;\">LA SECTION DNL : EPS &#8211; ALLEMAND:<\/span><\/span><\/h3>\n\n\n\n<pre class=\"wp-block-verse\">La pr\u00e9sentation de la section DNS EPS-Allemand : <a rel=\"noreferrer noopener\" href=\"https:\/\/lyceejeanracine.fr\/wdps\/wp-content\/uploads\/2021\/02\/Presentation-Section-DNL-EPS-Allemand-2021-22.pdf\" target=\"_blank\"><span class=\"has-inline-color has-vivid-green-cyan-color\"><span style=\"text-decoration: underline;\">Cliquez ici<\/span><\/span><\/a><\/pre>\n\n\n\n<h3 class=\"wp-block-heading\"><span class=\"has-inline-color has-vivid-cyan-blue-color\"><span style=\"text-decoration: underline;\">LE P\u00d4LE SANTE:<\/span><\/span><\/h3>\n\n\n\n<pre class=\"wp-block-verse\"><a rel=\"noreferrer noopener\" href=\"https:\/\/lyceejeanracine.fr\/wdps\/index.php\/une-video-de-presentation-du-pole-sante\/\" target=\"_blank\"><span class=\"has-inline-color has-vivid-green-cyan-color\"><span style=\"text-decoration: underline;\">Une vid\u00e9o de pr\u00e9sentation du p\u00f4le sant\u00e9<\/span><\/span><\/a><\/pre>\n\n\n\n<h3 class=\"wp-block-heading\"><span class=\"has-inline-color has-vivid-cyan-blue-color\"><span style=\"text-decoration: underline;\">LA SECTION EURO EN ANGLAIS<\/span><\/span><\/h3>\n\n\n\n<h3 class=\"wp-block-heading\"><span class=\"has-inline-color has-vivid-cyan-blue-color\"><span style=\"text-decoration: underline;\">SES EN CLASSE DE SECONDE<\/span><\/span><\/h3>\n\n\n\n<pre class=\"wp-block-verse\"><a rel=\"noreferrer noopener\" href=\"https:\/\/lyceejeanracine.fr\/wdps\/wp-content\/uploads\/2021\/02\/Plaquette-de-presentation-des-SES.pdf\" target=\"_blank\"><span class=\"has-inline-color has-vivid-green-cyan-color\"><span style=\"text-decoration: underline;\">Plaquette de pr\u00e9sentation des SES en classe de seconde<\/span><\/span><\/a><\/pre>\n\n\n\n<h3 class=\"wp-block-heading\"><span class=\"has-inline-color has-vivid-cyan-blue-color\"><span style=\"text-decoration: underline;\">LA SPECIALITE SCIENCES DE L&rsquo;INGENIEUR<\/span><\/span><\/h3>\n\n\n\n<h3 class=\"wp-block-heading\"><span class=\"has-inline-color has-vivid-cyan-blue-color\"><span style=\"text-decoration: underline;\">LA SPECIALITE PHYSIQUE-CHIMIE<\/span><\/span><\/h3>\n\n\n\n<h3 class=\"wp-block-heading\"><span class=\"has-inline-color has-vivid-cyan-blue-color\"><span style=\"text-decoration: underline;\">LA SPECIALITE NSI : Num\u00e9rique et sciences informatiques<\/span><\/span><\/h3>\n\n\n\n<pre class=\"wp-block-verse\"><a rel=\"noreferrer noopener\" href=\"https:\/\/docs.google.com\/presentation\/d\/1onyUNqK3087VVKS2TsHAyB6PQ6BgHD6pEoTKYORkm9w\/edit?usp=sharing\" target=\"_blank\"><span class=\"has-inline-color has-vivid-green-cyan-color\">Diaporama de pr\u00e9sentation pour les \u00e9l\u00e8ves de 1\u00e8res<\/span><\/a><\/pre>\n\n\n\n<h3 class=\"wp-block-heading\"><span class=\"has-inline-color has-vivid-cyan-blue-color\"><span style=\"text-decoration: underline;\">LA SPECIALITE MATHEMATIQUES:<\/span><\/span><\/h3>\n\n\n\n<pre class=\"wp-block-verse\"><a rel=\"noreferrer noopener\" href=\"https:\/\/lyceejeanracine.fr\/wdps\/wp-content\/uploads\/2021\/02\/Pub-Maths-spe2020.pdf\" target=\"_blank\"><span class=\"has-inline-color has-vivid-green-cyan-color\"><span style=\"text-decoration: underline;\">La plaquette de la sp\u00e9cialit\u00e9 math\u00e9matiques <br><\/span><\/span><\/a><a rel=\"noreferrer noopener\" href=\"https:\/\/lyceejeanracine.fr\/wdps\/wp-content\/uploads\/2021\/02\/Specialite-Mathematiques.pdf\" target=\"_blank\"><span class=\"has-inline-color has-vivid-green-cyan-color\"><span style=\"text-decoration: underline;\">Le diaporama de la sp\u00e9cialit\u00e9 math\u00e9matiques <\/span><\/span><\/a><\/pre>\n\n\n\n<h3 class=\"wp-block-heading\"><span class=\"has-inline-color has-vivid-cyan-blue-color\">ESPAGNOL ET LA SPECIALITE LLCE ESPAGNOL<\/span><\/h3>\n\n\n\n<p><strong><span style=\"text-decoration: underline;\">Vid\u00e9o de pr\u00e9sentation de l&rsquo;Espagnol et de la sp\u00e9cialit\u00e9 LLCE<br><\/span><\/strong><a rel=\"noreferrer noopener\" href=\"https:\/\/lyceejeanracine.fr\/wdps\/wp-content\/uploads\/2021\/02\/Presentation-Espagnol-et-Specialite-LLCE-Espagnol.mp4\" target=\"_blank\"><span class=\"has-inline-color has-vivid-green-cyan-color\"><span style=\"text-decoration: underline;\">Cliquez ici pour la vid\u00e9o<\/span><\/span><\/a><\/p>\n\n\n\n<h3 class=\"wp-block-heading\"><span class=\"has-inline-color has-vivid-cyan-blue-color\">LA SPECIALITE LLCE ANGLAIS<\/span><\/h3>\n\n\n\n<div class=\"wp-block-group\"><div class=\"wp-block-group__inner-container is-layout-flow wp-block-group-is-layout-flow\">\n<h3 class=\"wp-block-heading\"><span class=\"has-inline-color has-vivid-cyan-blue-color\">LA SPECIALITE HLP : humanit\u00e9s, litt\u00e9rature et philosophie<\/span><\/h3>\n<\/div><\/div>\n\n\n\n<h3 class=\"wp-block-heading\"><span class=\"has-inline-color has-vivid-cyan-blue-color\">LA SPECIALITE HGGSP : histoire-g\u00e9ographie, g\u00e9opolitique et sciences politiques<\/span><\/h3>\n","protected":false},"excerpt":{"rendered":"<h3 class=\"wp-block-heading\"><span class=\"has-inline-color has-vivid-cyan-blue-color\"><span style=\"text-decoration: underline;\">LA VIE SCOLAIRE:<\/span><\/span><\/h3>\n<p> <strong>Une vid\u00e9o de pr\u00e9sentation de l&rsquo;internat: <\/strong><a rel=\"noreferrer noopener\" href=\"https:\/\/lyceejeanracine.fr\/wdps\/index.php\/2021\/02\/05\/__trashed\/\" target=\"_blank\"><span class=\"has-inline-color has-vivid-green-cyan-color\"><span style=\"text-decoration: underline;\">Cliquez ici <\/span><\/span><\/a> <\/p>\n<h3 class=\"wp-block-heading\"><span class=\"has-inline-color has-vivid-cyan-blue-color\"><span style=\"text-decoration: underline;\">LA FILIERE STMG:<\/span><\/span><\/h3>\n<h3 class=\"wp-block-heading\"><span class=\"has-inline-color has-vivid-cyan-blue-color\"><span style=\"text-decoration: underline;\">LA FILIERE STI2D<\/span><\/span><\/h3>\n<p> <strong>Vid\u00e9o de pr\u00e9sentation de la fili\u00e8re STI2D:<\/strong><span><span style=\"font-weight: bold; text-decoration: underline;\"><br \/><\/span><\/span><a rel=\"noreferrer noopener\" href=\"https:\/\/lyceejeanracine.fr\/wdps\/wp-content\/uploads\/2021\/02\/zoom-STI2D-02-2021.mp4\" &hellip; <\/p>\n<p><a class=\"more-link btn\" href=\"https:\/\/lyceejeanracine.fr\/wdps\/index.php\/le-lgt-programme-des-portes-ouvertes-100-virtuelles\/\">Lire la suite<\/a><\/p>\n<p><\/a><\/p>\n","protected":false},"author":1,"featured_media":0,"parent":0,"menu_order":0,"comment_status":"closed","ping_status":"closed","template":"","meta":{"ngg_post_thumbnail":0,"footnotes":""},"post_mailing_queue_ids":[],"_links":{"self":[{"href":"https:\/\/lyceejeanracine.fr\/wdps\/index.php\/wp-json\/wp\/v2\/pages\/4649"}],"collection":[{"href":"https:\/\/lyceejeanracine.fr\/wdps\/index.php\/wp-json\/wp\/v2\/pages"}],"about":[{"href":"https:\/\/lyceejeanracine.fr\/wdps\/index.php\/wp-json\/wp\/v2\/types\/page"}],"author":[{"embeddable":true,"href":"https:\/\/lyceejeanracine.fr\/wdps\/index.php\/wp-json\/wp\/v2\/users\/1"}],"replies":[{"embeddable":true,"href":"https:\/\/lyceejeanracine.fr\/wdps\/index.php\/wp-json\/wp\/v2\/comments?post=4649"}],"version-history":[{"count":33,"href":"https:\/\/lyceejeanracine.fr\/wdps\/index.php\/wp-json\/wp\/v2\/pages\/4649\/revisions"}],"predecessor-version":[{"id":4888,"href":"https:\/\/lyceejeanracine.fr\/wdps\/index.php\/wp-json\/wp\/v2\/pages\/4649\/revisions\/4888"}],"wp:attachment":[{"href":"https:\/\/lyceejeanracine.fr\/wdps\/index.php\/wp-json\/wp\/v2\/media?parent=4649"}],"curies":[{"name":"wp","href":"https:\/\/api.w.org\/{rel}","templated":true}]}}